{"id":4341,"date":"2022-06-29T17:36:16","date_gmt":"2022-06-29T15:36:16","guid":{"rendered":"http:\/\/massy-verrieres.catho91.fr\/?page_id=4341"},"modified":"2023-05-13T17:16:50","modified_gmt":"2023-05-13T15:16:50","slug":"reportages","status":"publish","type":"page","link":"https:\/\/massy-verrieres.catho91.fr\/index.php\/reportages\/","title":{"rendered":"Reportages"},"content":{"rendered":"\t\t<div data-elementor-type=\"wp-page\" data-elementor-id=\"4341\" class=\"elementor elementor-4341\">\n\t\t\t\t\t\t<section class=\"elementor-section elementor-top-section elementor-element elementor-element-9b6379f elementor-section-boxed elementor-section-height-default elementor-section-height-default\" data-id=\"9b6379f\" data-element_type=\"section\">\n\t\t\t\t\t\t<div class=\"elementor-container elementor-column-gap-default\">\n\t\t\t\t\t<div class=\"elementor-column elementor-col-100 elementor-top-column elementor-element elementor-element-6b7961d\" data-id=\"6b7961d\" data-element_type=\"column\">\n\t\t\t<div class=\"elementor-widget-wrap elementor-element-populated\">\n\t\t\t\t\t\t<div class=\"elementor-element elementor-element-d1ec5d3 elementor-widget elementor-widget-spacer\" data-id=\"d1ec5d3\" data-element_type=\"widget\" data-widget_type=\"spacer.default\">\n\t\t\t\t<div class=\"elementor-widget-container\">\n\t\t\t\t\t<div class=\"elementor-spacer\">\n\t\t\t<div class=\"elementor-spacer-inner\"><\/div>\n\t\t<\/div>\n\t\t\t\t<\/div>\n\t\t\t\t<\/div>\n\t\t\t\t<div class=\"elementor-element elementor-element-58138de elementor-widget elementor-widget-heading\" data-id=\"58138de\" data-element_type=\"widget\" data-widget_type=\"heading.default\">\n\t\t\t\t<div class=\"elementor-widget-container\">\n\t\t\t<h2 class=\"elementor-heading-title elementor-size-default\">REPORTAGES PHOTO DES DERNIERS EVENEMENTS SUR LE SECTEUR<\/h2>\t\t<\/div>\n\t\t\t\t<\/div>\n\t\t\t\t\t<\/div>\n\t\t<\/div>\n\t\t\t\t\t<\/div>\n\t\t<\/section>\n\t\t\t\t<section class=\"elementor-section elementor-top-section elementor-element elementor-element-c939b1f elementor-section-boxed elementor-section-height-default elementor-section-height-default\" data-id=\"c939b1f\" data-element_type=\"section\">\n\t\t\t\t\t\t<div class=\"elementor-container elementor-column-gap-default\">\n\t\t\t\t\t<div class=\"elementor-column elementor-col-100 elementor-top-column elementor-element elementor-element-60c3422\" data-id=\"60c3422\" data-element_type=\"column\">\n\t\t\t<div class=\"elementor-widget-wrap elementor-element-populated\">\n\t\t\t\t\t\t<div class=\"elementor-element elementor-element-37eb153 elementor-widget elementor-widget-spacer\" data-id=\"37eb153\" data-element_type=\"widget\" data-widget_type=\"spacer.default\">\n\t\t\t\t<div class=\"elementor-widget-container\">\n\t\t\t\t\t<div class=\"elementor-spacer\">\n\t\t\t<div class=\"elementor-spacer-inner\"><\/div>\n\t\t<\/div>\n\t\t\t\t<\/div>\n\t\t\t\t<\/div>\n\t\t\t\t\t<\/div>\n\t\t<\/div>\n\t\t\t\t\t<\/div>\n\t\t<\/section>\n\t\t\t\t<section class=\"elementor-section elementor-top-section elementor-element elementor-element-598e75c elementor-section-boxed elementor-section-height-default elementor-section-height-default\" data-id=\"598e75c\" data-element_type=\"section\">\n\t\t\t\t\t\t<div class=\"elementor-container elementor-column-gap-default\">\n\t\t\t\t\t<div class=\"elementor-column elementor-col-33 elementor-top-column elementor-element elementor-element-bea92f0\" data-id=\"bea92f0\" data-element_type=\"column\">\n\t\t\t<div class=\"elementor-widget-wrap elementor-element-populated\">\n\t\t\t\t\t\t<div class=\"elementor-element elementor-element-c39e276 elementor-widget elementor-widget-text-editor\" data-id=\"c39e276\" data-element_type=\"widget\" data-widget_type=\"text-editor.default\">\n\t\t\t\t<div class=\"elementor-widget-container\">\n\t\t\t\t\t\t\t<p style=\"text-align: center;\">11 sept 2022<\/p>\t\t\t\t\t\t<\/div>\n\t\t\t\t<\/div>\n\t\t\t\t\t<\/div>\n\t\t<\/div>\n\t\t\t\t<div class=\"elementor-column elementor-col-33 elementor-top-column elementor-element elementor-element-77de061\" data-id=\"77de061\" data-element_type=\"column\">\n\t\t\t<div class=\"elementor-widget-wrap elementor-element-populated\">\n\t\t\t\t\t\t<div class=\"elementor-element elementor-element-0e4d16f elementor-widget elementor-widget-image\" data-id=\"0e4d16f\" data-element_type=\"widget\" data-widget_type=\"image.default\">\n\t\t\t\t<div class=\"elementor-widget-container\">\n\t\t\t\t\t\t\t\t\t\t\t\t\t\t<a href=\"http:\/\/massy-verrieres.catho91.fr\/index.php\/reportage_4-2\/\">\n\t\t\t\t\t\t\t<img fetchpriority=\"high\" decoding=\"async\" width=\"856\" height=\"570\" src=\"https:\/\/massy-verrieres.catho91.fr\/wp-content\/uploads\/2023\/05\/Image0.png\" class=\"attachment-full size-full wp-image-5642\" alt=\"\" srcset=\"https:\/\/massy-verrieres.catho91.fr\/wp-content\/uploads\/2023\/05\/Image0.png 856w, https:\/\/massy-verrieres.catho91.fr\/wp-content\/uploads\/2023\/05\/Image0-300x200.png 300w, https:\/\/massy-verrieres.catho91.fr\/wp-content\/uploads\/2023\/05\/Image0-768x511.png 768w\" sizes=\"(max-width: 856px) 100vw, 856px\" \/>\t\t\t\t\t\t\t\t<\/a>\n\t\t\t\t\t\t\t\t\t\t\t\t\t<\/div>\n\t\t\t\t<\/div>\n\t\t\t\t\t<\/div>\n\t\t<\/div>\n\t\t\t\t<div class=\"elementor-column elementor-col-33 elementor-top-column elementor-element elementor-element-0fb02bc\" data-id=\"0fb02bc\" data-element_type=\"column\">\n\t\t\t<div class=\"elementor-widget-wrap elementor-element-populated\">\n\t\t\t\t\t\t<div class=\"elementor-element elementor-element-c243f7a elementor-widget elementor-widget-text-editor\" data-id=\"c243f7a\" data-element_type=\"widget\" data-widget_type=\"text-editor.default\">\n\t\t\t\t<div class=\"elementor-widget-container\">\n\t\t\t\t\t\t\t<h4><strong>P\u00e8lerinage Assise-Rome \u2013 29 avril &#8211; 4 mai 2023<\/strong><\/h4><p>Le P\u00e8lerinage de secteur 2023 nous a emmen\u00e9s \u00e0 Assise puis \u00e0 Rome ; Ce fut un grand moment de convivialit\u00e9.<\/p><p>Acc\u00e9dez au compte rendu d\u00e9taill\u00e9 de ce voyage.<\/p>\t\t\t\t\t\t<\/div>\n\t\t\t\t<\/div>\n\t\t\t\t\t<\/div>\n\t\t<\/div>\n\t\t\t\t\t<\/div>\n\t\t<\/section>\n\t\t\t\t<section class=\"elementor-section elementor-top-section elementor-element elementor-element-dd1c656 elementor-section-boxed elementor-section-height-default elementor-section-height-default\" data-id=\"dd1c656\" data-element_type=\"section\">\n\t\t\t\t\t\t<div class=\"elementor-container elementor-column-gap-default\">\n\t\t\t\t\t<div class=\"elementor-column elementor-col-33 elementor-top-column elementor-element elementor-element-c924aaa\" data-id=\"c924aaa\" data-element_type=\"column\">\n\t\t\t<div class=\"elementor-widget-wrap elementor-element-populated\">\n\t\t\t\t\t\t<div class=\"elementor-element elementor-element-a3faea1 elementor-widget elementor-widget-text-editor\" data-id=\"a3faea1\" data-element_type=\"widget\" data-widget_type=\"text-editor.default\">\n\t\t\t\t<div class=\"elementor-widget-container\">\n\t\t\t\t\t\t\t<p style=\"text-align: center;\">11 sept 2022<\/p>\t\t\t\t\t\t<\/div>\n\t\t\t\t<\/div>\n\t\t\t\t\t<\/div>\n\t\t<\/div>\n\t\t\t\t<div class=\"elementor-column elementor-col-33 elementor-top-column elementor-element elementor-element-3fc24c2\" data-id=\"3fc24c2\" data-element_type=\"column\">\n\t\t\t<div class=\"elementor-widget-wrap elementor-element-populated\">\n\t\t\t\t\t\t<div class=\"elementor-element elementor-element-8f65297 elementor-widget elementor-widget-image\" data-id=\"8f65297\" data-element_type=\"widget\" data-widget_type=\"image.default\">\n\t\t\t\t<div class=\"elementor-widget-container\">\n\t\t\t\t\t\t\t\t\t\t\t\t\t\t<a href=\"http:\/\/massy-verrieres.catho91.fr\/index.php\/reportage_3-2\/\">\n\t\t\t\t\t\t\t<img decoding=\"async\" width=\"1024\" height=\"683\" src=\"https:\/\/massy-verrieres.catho91.fr\/wp-content\/uploads\/2023\/01\/IMG_2148.jpg\" class=\"attachment-full size-full wp-image-5297\" alt=\"\" srcset=\"https:\/\/massy-verrieres.catho91.fr\/wp-content\/uploads\/2023\/01\/IMG_2148.jpg 1024w, https:\/\/massy-verrieres.catho91.fr\/wp-content\/uploads\/2023\/01\/IMG_2148-300x200.jpg 300w, https:\/\/massy-verrieres.catho91.fr\/wp-content\/uploads\/2023\/01\/IMG_2148-768x512.jpg 768w\" sizes=\"(max-width: 1024px) 100vw, 1024px\" \/>\t\t\t\t\t\t\t\t<\/a>\n\t\t\t\t\t\t\t\t\t\t\t\t\t<\/div>\n\t\t\t\t<\/div>\n\t\t\t\t\t<\/div>\n\t\t<\/div>\n\t\t\t\t<div class=\"elementor-column elementor-col-33 elementor-top-column elementor-element elementor-element-1e631a7\" data-id=\"1e631a7\" data-element_type=\"column\">\n\t\t\t<div class=\"elementor-widget-wrap elementor-element-populated\">\n\t\t\t\t\t\t<div class=\"elementor-element elementor-element-5536ee3 elementor-widget elementor-widget-text-editor\" data-id=\"5536ee3\" data-element_type=\"widget\" data-widget_type=\"text-editor.default\">\n\t\t\t\t<div class=\"elementor-widget-container\">\n\t\t\t\t\t\t\t<h4><strong>Messe de rentr\u00e9e du secteur de Massy-Verri\u00e8res<\/strong><\/h4><p>Dimanche 11 septembre a eu lieu la traditionnelle messe de rentr\u00e9e de notre secteur pastoral au parc R\u00e9gnier (Verri\u00e8res-le-Buisson). C&#8217;\u00e9tait une formidable occasion pour les paroissiens des quatre paroisses de se retrouver pour confier cette nouvelle ann\u00e9e au Seigneur !<\/p>\t\t\t\t\t\t<\/div>\n\t\t\t\t<\/div>\n\t\t\t\t\t<\/div>\n\t\t<\/div>\n\t\t\t\t\t<\/div>\n\t\t<\/section>\n\t\t\t\t<section class=\"elementor-section elementor-top-section elementor-element elementor-element-c7c3603 elementor-section-boxed elementor-section-height-default elementor-section-height-default\" data-id=\"c7c3603\" data-element_type=\"section\">\n\t\t\t\t\t\t<div class=\"elementor-container elementor-column-gap-default\">\n\t\t\t\t\t<div class=\"elementor-column elementor-col-33 elementor-top-column elementor-element elementor-element-d7e7edc\" data-id=\"d7e7edc\" data-element_type=\"column\">\n\t\t\t<div class=\"elementor-widget-wrap elementor-element-populated\">\n\t\t\t\t\t\t<div class=\"elementor-element elementor-element-826e78d elementor-widget elementor-widget-text-editor\" data-id=\"826e78d\" data-element_type=\"widget\" data-widget_type=\"text-editor.default\">\n\t\t\t\t<div class=\"elementor-widget-container\">\n\t\t\t\t\t\t\t<p style=\"text-align: center;\">5-6 juin 2022<\/p>\t\t\t\t\t\t<\/div>\n\t\t\t\t<\/div>\n\t\t\t\t\t<\/div>\n\t\t<\/div>\n\t\t\t\t<div class=\"elementor-column elementor-col-33 elementor-top-column elementor-element elementor-element-3bef265\" data-id=\"3bef265\" data-element_type=\"column\">\n\t\t\t<div class=\"elementor-widget-wrap elementor-element-populated\">\n\t\t\t\t\t\t<div class=\"elementor-element elementor-element-fddb8b4 elementor-widget elementor-widget-image\" data-id=\"fddb8b4\" data-element_type=\"widget\" data-widget_type=\"image.default\">\n\t\t\t\t<div class=\"elementor-widget-container\">\n\t\t\t\t\t\t\t\t\t\t\t\t\t\t<a href=\"http:\/\/massy-verrieres.catho91.fr\/index.php\/elementor-4433\/\">\n\t\t\t\t\t\t\t<img decoding=\"async\" width=\"1188\" height=\"669\" src=\"https:\/\/massy-verrieres.catho91.fr\/wp-content\/uploads\/2022\/07\/Meute.jpg\" class=\"attachment-full size-full wp-image-4454\" alt=\"\" srcset=\"https:\/\/massy-verrieres.catho91.fr\/wp-content\/uploads\/2022\/07\/Meute.jpg 1188w, https:\/\/massy-verrieres.catho91.fr\/wp-content\/uploads\/2022\/07\/Meute-300x169.jpg 300w, https:\/\/massy-verrieres.catho91.fr\/wp-content\/uploads\/2022\/07\/Meute-1024x577.jpg 1024w, https:\/\/massy-verrieres.catho91.fr\/wp-content\/uploads\/2022\/07\/Meute-768x432.jpg 768w\" sizes=\"(max-width: 1188px) 100vw, 1188px\" \/>\t\t\t\t\t\t\t\t<\/a>\n\t\t\t\t\t\t\t\t\t\t\t\t\t<\/div>\n\t\t\t\t<\/div>\n\t\t\t\t\t<\/div>\n\t\t<\/div>\n\t\t\t\t<div class=\"elementor-column elementor-col-33 elementor-top-column elementor-element elementor-element-72ec253\" data-id=\"72ec253\" data-element_type=\"column\">\n\t\t\t<div class=\"elementor-widget-wrap elementor-element-populated\">\n\t\t\t\t\t\t<div class=\"elementor-element elementor-element-71b2ead elementor-widget elementor-widget-text-editor\" data-id=\"71b2ead\" data-element_type=\"widget\" data-widget_type=\"text-editor.default\">\n\t\t\t\t<div class=\"elementor-widget-container\">\n\t\t\t\t\t\t\t<h4><strong>Jubil\u00e9 des groupes SUF \u00e0 Chambord<\/strong><\/h4><p>Pour les 50 ans du mouvement, les Scouts Unitaires de France se sont r\u00e9unis \u00e0 Chambord pendant le week-end de la Pentec\u00f4te 2022. Les deux groupes de Verri\u00e8res-le-Buisson (Abb\u00e9 Franz Stock et Honor\u00e9 d&#8217;Estienne d&#8217;Orves) y \u00e9taient pr\u00e9sents !<\/p>\t\t\t\t\t\t<\/div>\n\t\t\t\t<\/div>\n\t\t\t\t\t<\/div>\n\t\t<\/div>\n\t\t\t\t\t<\/div>\n\t\t<\/section>\n\t\t\t\t<section class=\"elementor-section elementor-top-section elementor-element elementor-element-efd7227 elementor-section-boxed elementor-section-height-default elementor-section-height-default\" data-id=\"efd7227\" data-element_type=\"section\">\n\t\t\t\t\t\t<div class=\"elementor-container elementor-column-gap-default\">\n\t\t\t\t\t<div class=\"elementor-column elementor-col-33 elementor-top-column elementor-element elementor-element-5234adc\" data-id=\"5234adc\" data-element_type=\"column\">\n\t\t\t<div class=\"elementor-widget-wrap elementor-element-populated\">\n\t\t\t\t\t\t<div class=\"elementor-element elementor-element-cb3adfd elementor-widget elementor-widget-text-editor\" data-id=\"cb3adfd\" data-element_type=\"widget\" data-widget_type=\"text-editor.default\">\n\t\t\t\t<div class=\"elementor-widget-container\">\n\t\t\t\t\t\t\t<p style=\"text-align: center;\">13 mai 2022<\/p>\t\t\t\t\t\t<\/div>\n\t\t\t\t<\/div>\n\t\t\t\t\t<\/div>\n\t\t<\/div>\n\t\t\t\t<div class=\"elementor-column elementor-col-33 elementor-top-column elementor-element elementor-element-6f5599a\" data-id=\"6f5599a\" data-element_type=\"column\">\n\t\t\t<div class=\"elementor-widget-wrap elementor-element-populated\">\n\t\t\t\t\t\t<div class=\"elementor-element elementor-element-0ec38f9 elementor-widget elementor-widget-image\" data-id=\"0ec38f9\" data-element_type=\"widget\" data-widget_type=\"image.default\">\n\t\t\t\t<div class=\"elementor-widget-container\">\n\t\t\t\t\t\t\t\t\t\t\t\t\t\t<a href=\"http:\/\/massy-verrieres.catho91.fr\/index.php\/reportage_2-2\/\">\n\t\t\t\t\t\t\t<img loading=\"lazy\" decoding=\"async\" width=\"300\" height=\"300\" src=\"https:\/\/massy-verrieres.catho91.fr\/wp-content\/uploads\/2022\/05\/Fatima_2-300x300.jpg\" class=\"attachment-medium size-medium wp-image-4043\" alt=\"\" srcset=\"https:\/\/massy-verrieres.catho91.fr\/wp-content\/uploads\/2022\/05\/Fatima_2-300x300.jpg 300w, https:\/\/massy-verrieres.catho91.fr\/wp-content\/uploads\/2022\/05\/Fatima_2-150x150.jpg 150w, https:\/\/massy-verrieres.catho91.fr\/wp-content\/uploads\/2022\/05\/Fatima_2.jpg 432w\" sizes=\"(max-width: 300px) 100vw, 300px\" \/>\t\t\t\t\t\t\t\t<\/a>\n\t\t\t\t\t\t\t\t\t\t\t\t\t<\/div>\n\t\t\t\t<\/div>\n\t\t\t\t\t<\/div>\n\t\t<\/div>\n\t\t\t\t<div class=\"elementor-column elementor-col-33 elementor-top-column elementor-element elementor-element-d7b673d\" data-id=\"d7b673d\" data-element_type=\"column\">\n\t\t\t<div class=\"elementor-widget-wrap elementor-element-populated\">\n\t\t\t\t\t\t<div class=\"elementor-element elementor-element-beffee1 elementor-widget elementor-widget-text-editor\" data-id=\"beffee1\" data-element_type=\"widget\" data-widget_type=\"text-editor.default\">\n\t\t\t\t<div class=\"elementor-widget-container\">\n\t\t\t\t\t\t\t<h4><strong>P\u00e8lerinage Notre-Dame-de-Fatima<\/strong><\/h4><p>Apr\u00e8s deux ann\u00e9es \u00e0 blanc en raison de la crise sanitaire, la f\u00eate des apparitions de la Vierge Marie \u00e0 Fatima (Portugal) a pu \u00eatre de nouveau c\u00e9l\u00e9br\u00e9e ! C&#8217;est la communaut\u00e9 portugaise de Verri\u00e8res-le-Buisson qui a organis\u00e9 cet \u00e9v\u00e8nement.<\/p>\t\t\t\t\t\t<\/div>\n\t\t\t\t<\/div>\n\t\t\t\t\t<\/div>\n\t\t<\/div>\n\t\t\t\t\t<\/div>\n\t\t<\/section>\n\t\t\t\t<section class=\"elementor-section elementor-top-section elementor-element elementor-element-a3881ca elementor-section-boxed elementor-section-height-default elementor-section-height-default\" data-id=\"a3881ca\" data-element_type=\"section\">\n\t\t\t\t\t\t<div class=\"elementor-container elementor-column-gap-default\">\n\t\t\t\t\t<div class=\"elementor-column elementor-col-100 elementor-top-column elementor-element elementor-element-8401375\" data-id=\"8401375\" data-element_type=\"column\">\n\t\t\t<div class=\"elementor-widget-wrap elementor-element-populated\">\n\t\t\t\t\t\t<div class=\"elementor-element elementor-element-910cb7a elementor-widget elementor-widget-spacer\" data-id=\"910cb7a\" data-element_type=\"widget\" data-widget_type=\"spacer.default\">\n\t\t\t\t<div class=\"elementor-widget-container\">\n\t\t\t\t\t<div class=\"elementor-spacer\">\n\t\t\t<div class=\"elementor-spacer-inner\"><\/div>\n\t\t<\/div>\n\t\t\t\t<\/div>\n\t\t\t\t<\/div>\n\t\t\t\t\t<\/div>\n\t\t<\/div>\n\t\t\t\t\t<\/div>\n\t\t<\/section>\n\t\t\t\t<\/div>\n\t\t","protected":false},"excerpt":{"rendered":"<p>REPORTAGES PHOTO DES DERNIERS EVENEMENTS SUR LE SECTEUR 11 sept 2022 P\u00e8lerinage Assise-Rome \u2013 29 avril &#8211; 4 mai 2023 Le P\u00e8lerinage de secteur 2023 nous a emmen\u00e9s \u00e0 Assise puis \u00e0 Rome ; Ce fut un grand moment de convivialit\u00e9. Acc\u00e9dez au compte rendu d\u00e9taill\u00e9 de ce voyage. 11 sept 2022 Messe de rentr\u00e9e &hellip;<\/p>\n<p class=\"read-more\"> <a class=\"\" href=\"https:\/\/massy-verrieres.catho91.fr\/index.php\/reportages\/\"> <span class=\"screen-reader-text\">Reportages<\/span> Lire la suite \u00bb<\/a><\/p>\n","protected":false},"author":1,"featured_media":0,"parent":0,"menu_order":0,"comment_status":"closed","ping_status":"closed","template":"","meta":{"_mc_calendar":[],"footnotes":""},"_links":{"self":[{"href":"https:\/\/massy-verrieres.catho91.fr\/index.php\/wp-json\/wp\/v2\/pages\/4341"}],"collection":[{"href":"https:\/\/massy-verrieres.catho91.fr\/index.php\/wp-json\/wp\/v2\/pages"}],"about":[{"href":"https:\/\/massy-verrieres.catho91.fr\/index.php\/wp-json\/wp\/v2\/types\/page"}],"author":[{"embeddable":true,"href":"https:\/\/massy-verrieres.catho91.fr\/index.php\/wp-json\/wp\/v2\/users\/1"}],"replies":[{"embeddable":true,"href":"https:\/\/massy-verrieres.catho91.fr\/index.php\/wp-json\/wp\/v2\/comments?post=4341"}],"version-history":[{"count":79,"href":"https:\/\/massy-verrieres.catho91.fr\/index.php\/wp-json\/wp\/v2\/pages\/4341\/revisions"}],"predecessor-version":[{"id":5649,"href":"https:\/\/massy-verrieres.catho91.fr\/index.php\/wp-json\/wp\/v2\/pages\/4341\/revisions\/5649"}],"wp:attachment":[{"href":"https:\/\/massy-verrieres.catho91.fr\/index.php\/wp-json\/wp\/v2\/media?parent=4341"}],"curies":[{"name":"wp","href":"https:\/\/api.w.org\/{rel}","templated":true}]}}