{"id":5305,"date":"2023-01-18T23:22:36","date_gmt":"2023-01-18T22:22:36","guid":{"rendered":"http:\/\/massy-verrieres.catho91.fr\/?page_id=5305"},"modified":"2023-01-18T23:28:25","modified_gmt":"2023-01-18T22:28:25","slug":"reportage_3-2","status":"publish","type":"page","link":"https:\/\/massy-verrieres.catho91.fr\/index.php\/reportage_3-2\/","title":{"rendered":"Reportage_3"},"content":{"rendered":"\t\t<div data-elementor-type=\"wp-page\" data-elementor-id=\"5305\" class=\"elementor elementor-5305\">\n\t\t\t\t\t\t<section class=\"elementor-section elementor-top-section elementor-element elementor-element-fa7f123 elementor-section-boxed elementor-section-height-default elementor-section-height-default\" data-id=\"fa7f123\" data-element_type=\"section\">\n\t\t\t\t\t\t<div class=\"elementor-container elementor-column-gap-default\">\n\t\t\t\t\t<div class=\"elementor-column elementor-col-100 elementor-top-column elementor-element elementor-element-6f4fd22\" data-id=\"6f4fd22\" data-element_type=\"column\">\n\t\t\t<div class=\"elementor-widget-wrap elementor-element-populated\">\n\t\t\t\t\t\t<div class=\"elementor-element elementor-element-17c5b96 elementor-widget elementor-widget-text-editor\" data-id=\"17c5b96\" data-element_type=\"widget\" data-widget_type=\"text-editor.default\">\n\t\t\t\t<div class=\"elementor-widget-container\">\n\t\t\t\t\t\t\t<h2 style=\"text-align: center;\"><strong>MESSE DE RENTR\u00c9E DU SECTEUR<\/strong><\/h2><h4 style=\"text-align: center;\"><em>&#8211; Dimanche 11 septembre 2022 &#8211;<\/em><\/h4>\t\t\t\t\t\t<\/div>\n\t\t\t\t<\/div>\n\t\t\t\t\t<\/div>\n\t\t<\/div>\n\t\t\t\t\t<\/div>\n\t\t<\/section>\n\t\t\t\t<section class=\"elementor-section elementor-top-section elementor-element elementor-element-2908a18 elementor-section-boxed elementor-section-height-default elementor-section-height-default\" data-id=\"2908a18\" data-element_type=\"section\">\n\t\t\t\t\t\t<div class=\"elementor-container elementor-column-gap-default\">\n\t\t\t\t\t<div class=\"elementor-column elementor-col-50 elementor-top-column elementor-element elementor-element-8378c39\" data-id=\"8378c39\" data-element_type=\"column\">\n\t\t\t<div class=\"elementor-widget-wrap elementor-element-populated\">\n\t\t\t\t\t\t<div class=\"elementor-element elementor-element-01c1943 elementor-widget elementor-widget-image\" data-id=\"01c1943\" data-element_type=\"widget\" data-widget_type=\"image.default\">\n\t\t\t\t<div class=\"elementor-widget-container\">\n\t\t\t\t\t\t\t\t\t\t\t\t\t<img fetchpriority=\"high\" decoding=\"async\" width=\"724\" height=\"1024\" src=\"https:\/\/massy-verrieres.catho91.fr\/wp-content\/uploads\/2023\/01\/Messe_rentree_2022-724x1024.jpg\" class=\"attachment-large size-large wp-image-5307\" alt=\"\" srcset=\"https:\/\/massy-verrieres.catho91.fr\/wp-content\/uploads\/2023\/01\/Messe_rentree_2022-724x1024.jpg 724w, https:\/\/massy-verrieres.catho91.fr\/wp-content\/uploads\/2023\/01\/Messe_rentree_2022-212x300.jpg 212w, https:\/\/massy-verrieres.catho91.fr\/wp-content\/uploads\/2023\/01\/Messe_rentree_2022-768x1086.jpg 768w, https:\/\/massy-verrieres.catho91.fr\/wp-content\/uploads\/2023\/01\/Messe_rentree_2022-1086x1536.jpg 1086w, https:\/\/massy-verrieres.catho91.fr\/wp-content\/uploads\/2023\/01\/Messe_rentree_2022.jpg 1131w\" sizes=\"(max-width: 724px) 100vw, 724px\" \/>\t\t\t\t\t\t\t\t\t\t\t\t\t<\/div>\n\t\t\t\t<\/div>\n\t\t\t\t\t<\/div>\n\t\t<\/div>\n\t\t\t\t<div class=\"elementor-column elementor-col-50 elementor-top-column elementor-element elementor-element-4132069\" data-id=\"4132069\" data-element_type=\"column\">\n\t\t\t<div class=\"elementor-widget-wrap elementor-element-populated\">\n\t\t\t\t\t\t<div class=\"elementor-element elementor-element-f3d34f6 elementor-widget elementor-widget-text-editor\" data-id=\"f3d34f6\" data-element_type=\"widget\" data-widget_type=\"text-editor.default\">\n\t\t\t\t<div class=\"elementor-widget-container\">\n\t\t\t\t\t\t\t<p><span style=\"color: #339966;\"><strong>Dimanche 11 septem<\/strong><\/span><span style=\"color: #339966;\"><strong>bre<\/strong><\/span><span style=\"font-size: 16px;\">\u00a0a eu lieu la traditionnelle\u00a0<\/span><span style=\"color: #339966;\"><strong>messe de rentr\u00e9e<\/strong><\/span><span style=\"font-size: 16px;\">\u00a0de notre secteur pastoral au\u00a0<\/span><span style=\"color: #339966;\"><strong>parc R\u00e9gnier<\/strong><\/span><span style=\"font-size: 16px;\">\u00a0(Verri\u00e8res-le-Buisson). C\u2019\u00e9tait une formidable occasion pour les fid\u00e8les des quatre paroisses de se retrouver pour confier cette nouvelle ann\u00e9e au Seigneur ! Tous ont pu apporter leur contribution, selon leurs talents :\u00a0<\/span><span style=\"color: #339966;\"><strong>musique, chant, lectures, liturgie, pri\u00e8re etc &#8230;<\/strong><\/span><\/p><p>A la fin de la c\u00e9l\u00e9bration, les\u00a0<span style=\"color: #339966;\"><strong>cartables<\/strong><\/span> des \u00e9coliers (et de tous ceux qui le<span style=\"font-size: 16px;\">\u00a0souhaitaient) ont \u00e9t\u00e9 b\u00e9nis. Puis, un<\/span><strong style=\"font-size: 16px;\">\u00a0<span style=\"color: #339966;\">verre de l&#8217;amiti\u00e9<\/span><\/strong><span style=\"font-size: 16px;\">, servi par les \u00e9quipes animatrices des quatre paroisses du secteur, a permis de prolonger ce moment convivial sous un\u00a0<\/span><span style=\"color: #339966;\"><strong>magnifique soleil<\/strong>.<\/span><\/p><p>C&#8217;est parti pour une nouvelle ann\u00e9e pleine de\u00a0<span style=\"color: #339966;\"><strong>promesses.<\/strong><\/span>\u00a0Que <span style=\"font-size: 16px;\">les gr\u00e2ces re\u00e7ues en ce jour nous portent tout au long de cette ann\u00e9e pastorale !<\/span><\/p><p><span style=\"font-size: 16px; font-style: normal; font-weight: 400; text-align: center;\">Voici quelques photos souvenir de cette belle c\u00e9l\u00e9bration !<\/span><\/p><p><strong style=\"font-size: 16px; font-style: normal; color: #339966;\"><img decoding=\"async\" class=\"wp-image-418 aligncenter\" src=\"http:\/\/massy-verrieres.catho91.fr\/wp-content\/uploads\/2020\/09\/SecteurMV_moulin-1.svg\" alt=\"\" width=\"67\" height=\"67\" \/><\/strong><\/p>\t\t\t\t\t\t<\/div>\n\t\t\t\t<\/div>\n\t\t\t\t\t<\/div>\n\t\t<\/div>\n\t\t\t\t\t<\/div>\n\t\t<\/section>\n\t\t\t\t<section class=\"elementor-section elementor-top-section elementor-element elementor-element-621fd66 elementor-section-boxed elementor-section-height-default elementor-section-height-default\" data-id=\"621fd66\" data-element_type=\"section\">\n\t\t\t\t\t\t<div class=\"elementor-container elementor-column-gap-default\">\n\t\t\t\t\t<div class=\"elementor-column elementor-col-25 elementor-top-column elementor-element elementor-element-f0e5c79\" data-id=\"f0e5c79\" data-element_type=\"column\">\n\t\t\t<div class=\"elementor-widget-wrap elementor-element-populated\">\n\t\t\t\t\t\t<div class=\"elementor-element elementor-element-c4ddb6f elementor-widget elementor-widget-image\" data-id=\"c4ddb6f\" data-element_type=\"widget\" data-widget_type=\"image.default\">\n\t\t\t\t<div class=\"elementor-widget-container\">\n\t\t\t\t\t\t\t\t\t\t<figure class=\"wp-caption\">\n\t\t\t\t\t\t\t\t\t\t<img decoding=\"async\" width=\"1024\" height=\"683\" src=\"https:\/\/massy-verrieres.catho91.fr\/wp-content\/uploads\/2023\/01\/IMG_2057.jpg\" class=\"attachment-large size-large wp-image-5308\" alt=\"\" srcset=\"https:\/\/massy-verrieres.catho91.fr\/wp-content\/uploads\/2023\/01\/IMG_2057.jpg 1024w, https:\/\/massy-verrieres.catho91.fr\/wp-content\/uploads\/2023\/01\/IMG_2057-300x200.jpg 300w, https:\/\/massy-verrieres.catho91.fr\/wp-content\/uploads\/2023\/01\/IMG_2057-768x512.jpg 768w\" sizes=\"(max-width: 1024px) 100vw, 1024px\" \/>\t\t\t\t\t\t\t\t\t\t\t<figcaption class=\"widget-image-caption wp-caption-text\">Musiciens<\/figcaption>\n\t\t\t\t\t\t\t\t\t\t<\/figure>\n\t\t\t\t\t\t\t<\/div>\n\t\t\t\t<\/div>\n\t\t\t\t\t<\/div>\n\t\t<\/div>\n\t\t\t\t<div class=\"elementor-column elementor-col-25 elementor-top-column elementor-element elementor-element-ed9e1ac\" data-id=\"ed9e1ac\" data-element_type=\"column\">\n\t\t\t<div class=\"elementor-widget-wrap elementor-element-populated\">\n\t\t\t\t\t\t<div class=\"elementor-element elementor-element-b1471e7 elementor-widget elementor-widget-image\" data-id=\"b1471e7\" data-element_type=\"widget\" data-widget_type=\"image.default\">\n\t\t\t\t<div class=\"elementor-widget-container\">\n\t\t\t\t\t\t\t\t\t\t<figure class=\"wp-caption\">\n\t\t\t\t\t\t\t\t\t\t<img loading=\"lazy\" decoding=\"async\" width=\"1024\" height=\"683\" src=\"https:\/\/massy-verrieres.catho91.fr\/wp-content\/uploads\/2023\/01\/IMG_2059.jpg\" class=\"attachment-large size-large wp-image-5309\" alt=\"\" srcset=\"https:\/\/massy-verrieres.catho91.fr\/wp-content\/uploads\/2023\/01\/IMG_2059.jpg 1024w, https:\/\/massy-verrieres.catho91.fr\/wp-content\/uploads\/2023\/01\/IMG_2059-300x200.jpg 300w, https:\/\/massy-verrieres.catho91.fr\/wp-content\/uploads\/2023\/01\/IMG_2059-768x512.jpg 768w\" sizes=\"(max-width: 1024px) 100vw, 1024px\" \/>\t\t\t\t\t\t\t\t\t\t\t<figcaption class=\"widget-image-caption wp-caption-text\">Musiciens<\/figcaption>\n\t\t\t\t\t\t\t\t\t\t<\/figure>\n\t\t\t\t\t\t\t<\/div>\n\t\t\t\t<\/div>\n\t\t\t\t\t<\/div>\n\t\t<\/div>\n\t\t\t\t<div class=\"elementor-column elementor-col-25 elementor-top-column elementor-element elementor-element-d0e9bfa\" data-id=\"d0e9bfa\" data-element_type=\"column\">\n\t\t\t<div class=\"elementor-widget-wrap elementor-element-populated\">\n\t\t\t\t\t\t<div class=\"elementor-element elementor-element-69859d1 elementor-widget elementor-widget-image\" data-id=\"69859d1\" data-element_type=\"widget\" data-widget_type=\"image.default\">\n\t\t\t\t<div class=\"elementor-widget-container\">\n\t\t\t\t\t\t\t\t\t\t<figure class=\"wp-caption\">\n\t\t\t\t\t\t\t\t\t\t<img loading=\"lazy\" decoding=\"async\" width=\"1024\" height=\"683\" src=\"https:\/\/massy-verrieres.catho91.fr\/wp-content\/uploads\/2023\/01\/IMG_2088.jpg\" class=\"attachment-large size-large wp-image-5311\" alt=\"\" srcset=\"https:\/\/massy-verrieres.catho91.fr\/wp-content\/uploads\/2023\/01\/IMG_2088.jpg 1024w, https:\/\/massy-verrieres.catho91.fr\/wp-content\/uploads\/2023\/01\/IMG_2088-300x200.jpg 300w, https:\/\/massy-verrieres.catho91.fr\/wp-content\/uploads\/2023\/01\/IMG_2088-768x512.jpg 768w\" sizes=\"(max-width: 1024px) 100vw, 1024px\" \/>\t\t\t\t\t\t\t\t\t\t\t<figcaption class=\"widget-image-caption wp-caption-text\">Servante d'assembl\u00e9e<\/figcaption>\n\t\t\t\t\t\t\t\t\t\t<\/figure>\n\t\t\t\t\t\t\t<\/div>\n\t\t\t\t<\/div>\n\t\t\t\t\t<\/div>\n\t\t<\/div>\n\t\t\t\t<div class=\"elementor-column elementor-col-25 elementor-top-column elementor-element elementor-element-63e7d75\" data-id=\"63e7d75\" data-element_type=\"column\">\n\t\t\t<div class=\"elementor-widget-wrap elementor-element-populated\">\n\t\t\t\t\t\t<div class=\"elementor-element elementor-element-75e7e74 elementor-widget elementor-widget-image\" data-id=\"75e7e74\" data-element_type=\"widget\" data-widget_type=\"image.default\">\n\t\t\t\t<div class=\"elementor-widget-container\">\n\t\t\t\t\t\t\t\t\t\t<figure class=\"wp-caption\">\n\t\t\t\t\t\t\t\t\t\t<img loading=\"lazy\" decoding=\"async\" width=\"1024\" height=\"683\" src=\"https:\/\/massy-verrieres.catho91.fr\/wp-content\/uploads\/2023\/01\/IMG_2117.jpg\" class=\"attachment-large size-large wp-image-5312\" alt=\"\" srcset=\"https:\/\/massy-verrieres.catho91.fr\/wp-content\/uploads\/2023\/01\/IMG_2117.jpg 1024w, https:\/\/massy-verrieres.catho91.fr\/wp-content\/uploads\/2023\/01\/IMG_2117-300x200.jpg 300w, https:\/\/massy-verrieres.catho91.fr\/wp-content\/uploads\/2023\/01\/IMG_2117-768x512.jpg 768w\" sizes=\"(max-width: 1024px) 100vw, 1024px\" \/>\t\t\t\t\t\t\t\t\t\t\t<figcaption class=\"widget-image-caption wp-caption-text\">Lecture<\/figcaption>\n\t\t\t\t\t\t\t\t\t\t<\/figure>\n\t\t\t\t\t\t\t<\/div>\n\t\t\t\t<\/div>\n\t\t\t\t\t<\/div>\n\t\t<\/div>\n\t\t\t\t\t<\/div>\n\t\t<\/section>\n\t\t\t\t<section class=\"elementor-section elementor-top-section elementor-element elementor-element-8499dc7 elementor-section-boxed elementor-section-height-default elementor-section-height-default\" data-id=\"8499dc7\" data-element_type=\"section\">\n\t\t\t\t\t\t<div class=\"elementor-container elementor-column-gap-default\">\n\t\t\t\t\t<div class=\"elementor-column elementor-col-25 elementor-top-column elementor-element elementor-element-410961d\" data-id=\"410961d\" data-element_type=\"column\">\n\t\t\t<div class=\"elementor-widget-wrap elementor-element-populated\">\n\t\t\t\t\t\t<div class=\"elementor-element elementor-element-9a71cad elementor-widget elementor-widget-image\" data-id=\"9a71cad\" data-element_type=\"widget\" data-widget_type=\"image.default\">\n\t\t\t\t<div class=\"elementor-widget-container\">\n\t\t\t\t\t\t\t\t\t\t<figure class=\"wp-caption\">\n\t\t\t\t\t\t\t\t\t\t<img loading=\"lazy\" decoding=\"async\" width=\"1024\" height=\"683\" src=\"https:\/\/massy-verrieres.catho91.fr\/wp-content\/uploads\/2023\/01\/IMG_2138.jpg\" class=\"attachment-large size-large wp-image-5316\" alt=\"\" srcset=\"https:\/\/massy-verrieres.catho91.fr\/wp-content\/uploads\/2023\/01\/IMG_2138.jpg 1024w, https:\/\/massy-verrieres.catho91.fr\/wp-content\/uploads\/2023\/01\/IMG_2138-300x200.jpg 300w, https:\/\/massy-verrieres.catho91.fr\/wp-content\/uploads\/2023\/01\/IMG_2138-768x512.jpg 768w\" sizes=\"(max-width: 1024px) 100vw, 1024px\" \/>\t\t\t\t\t\t\t\t\t\t\t<figcaption class=\"widget-image-caption wp-caption-text\">Musiciens<\/figcaption>\n\t\t\t\t\t\t\t\t\t\t<\/figure>\n\t\t\t\t\t\t\t<\/div>\n\t\t\t\t<\/div>\n\t\t\t\t\t<\/div>\n\t\t<\/div>\n\t\t\t\t<div class=\"elementor-column elementor-col-25 elementor-top-column elementor-element elementor-element-28afc72\" data-id=\"28afc72\" data-element_type=\"column\">\n\t\t\t<div class=\"elementor-widget-wrap elementor-element-populated\">\n\t\t\t\t\t\t<div class=\"elementor-element elementor-element-5341dfa elementor-widget elementor-widget-image\" data-id=\"5341dfa\" data-element_type=\"widget\" data-widget_type=\"image.default\">\n\t\t\t\t<div class=\"elementor-widget-container\">\n\t\t\t\t\t\t\t\t\t\t<figure class=\"wp-caption\">\n\t\t\t\t\t\t\t\t\t\t<img loading=\"lazy\" decoding=\"async\" width=\"1024\" height=\"683\" src=\"https:\/\/massy-verrieres.catho91.fr\/wp-content\/uploads\/2023\/01\/IMG_2161.jpg\" class=\"attachment-large size-large wp-image-5318\" alt=\"\" srcset=\"https:\/\/massy-verrieres.catho91.fr\/wp-content\/uploads\/2023\/01\/IMG_2161.jpg 1024w, https:\/\/massy-verrieres.catho91.fr\/wp-content\/uploads\/2023\/01\/IMG_2161-300x200.jpg 300w, https:\/\/massy-verrieres.catho91.fr\/wp-content\/uploads\/2023\/01\/IMG_2161-768x512.jpg 768w\" sizes=\"(max-width: 1024px) 100vw, 1024px\" \/>\t\t\t\t\t\t\t\t\t\t\t<figcaption class=\"widget-image-caption wp-caption-text\">Elevation eucharistique<\/figcaption>\n\t\t\t\t\t\t\t\t\t\t<\/figure>\n\t\t\t\t\t\t\t<\/div>\n\t\t\t\t<\/div>\n\t\t\t\t\t<\/div>\n\t\t<\/div>\n\t\t\t\t<div class=\"elementor-column elementor-col-25 elementor-top-column elementor-element elementor-element-e1d7355\" data-id=\"e1d7355\" data-element_type=\"column\">\n\t\t\t<div class=\"elementor-widget-wrap elementor-element-populated\">\n\t\t\t\t\t\t<div class=\"elementor-element elementor-element-2a30724 elementor-widget elementor-widget-image\" data-id=\"2a30724\" data-element_type=\"widget\" data-widget_type=\"image.default\">\n\t\t\t\t<div class=\"elementor-widget-container\">\n\t\t\t\t\t\t\t\t\t\t<figure class=\"wp-caption\">\n\t\t\t\t\t\t\t\t\t\t<img loading=\"lazy\" decoding=\"async\" width=\"1024\" height=\"683\" src=\"https:\/\/massy-verrieres.catho91.fr\/wp-content\/uploads\/2023\/01\/IMG_2202.jpg\" class=\"attachment-large size-large wp-image-5321\" alt=\"\" srcset=\"https:\/\/massy-verrieres.catho91.fr\/wp-content\/uploads\/2023\/01\/IMG_2202.jpg 1024w, https:\/\/massy-verrieres.catho91.fr\/wp-content\/uploads\/2023\/01\/IMG_2202-300x200.jpg 300w, https:\/\/massy-verrieres.catho91.fr\/wp-content\/uploads\/2023\/01\/IMG_2202-768x512.jpg 768w\" sizes=\"(max-width: 1024px) 100vw, 1024px\" \/>\t\t\t\t\t\t\t\t\t\t\t<figcaption class=\"widget-image-caption wp-caption-text\">Assembl\u00e9e<\/figcaption>\n\t\t\t\t\t\t\t\t\t\t<\/figure>\n\t\t\t\t\t\t\t<\/div>\n\t\t\t\t<\/div>\n\t\t\t\t\t<\/div>\n\t\t<\/div>\n\t\t\t\t<div class=\"elementor-column elementor-col-25 elementor-top-column elementor-element elementor-element-5c2b577\" data-id=\"5c2b577\" data-element_type=\"column\">\n\t\t\t<div class=\"elementor-widget-wrap elementor-element-populated\">\n\t\t\t\t\t\t<div class=\"elementor-element elementor-element-3c7840e elementor-widget elementor-widget-image\" data-id=\"3c7840e\" data-element_type=\"widget\" data-widget_type=\"image.default\">\n\t\t\t\t<div class=\"elementor-widget-container\">\n\t\t\t\t\t\t\t\t\t\t<figure class=\"wp-caption\">\n\t\t\t\t\t\t\t\t\t\t<img loading=\"lazy\" decoding=\"async\" width=\"1024\" height=\"683\" src=\"https:\/\/massy-verrieres.catho91.fr\/wp-content\/uploads\/2023\/01\/IMG_2206.jpg\" class=\"attachment-large size-large wp-image-5323\" alt=\"\" srcset=\"https:\/\/massy-verrieres.catho91.fr\/wp-content\/uploads\/2023\/01\/IMG_2206.jpg 1024w, https:\/\/massy-verrieres.catho91.fr\/wp-content\/uploads\/2023\/01\/IMG_2206-300x200.jpg 300w, https:\/\/massy-verrieres.catho91.fr\/wp-content\/uploads\/2023\/01\/IMG_2206-768x512.jpg 768w\" sizes=\"(max-width: 1024px) 100vw, 1024px\" \/>\t\t\t\t\t\t\t\t\t\t\t<figcaption class=\"widget-image-caption wp-caption-text\">Assembl\u00e9e<\/figcaption>\n\t\t\t\t\t\t\t\t\t\t<\/figure>\n\t\t\t\t\t\t\t<\/div>\n\t\t\t\t<\/div>\n\t\t\t\t\t<\/div>\n\t\t<\/div>\n\t\t\t\t\t<\/div>\n\t\t<\/section>\n\t\t\t\t<section class=\"elementor-section elementor-top-section elementor-element elementor-element-eecac4e elementor-section-boxed elementor-section-height-default elementor-section-height-default\" data-id=\"eecac4e\" data-element_type=\"section\">\n\t\t\t\t\t\t<div class=\"elementor-container elementor-column-gap-default\">\n\t\t\t\t\t<div class=\"elementor-column elementor-col-25 elementor-top-column elementor-element elementor-element-51025ff\" data-id=\"51025ff\" data-element_type=\"column\">\n\t\t\t<div class=\"elementor-widget-wrap elementor-element-populated\">\n\t\t\t\t\t\t<div class=\"elementor-element elementor-element-121297b elementor-widget elementor-widget-image\" data-id=\"121297b\" data-element_type=\"widget\" data-widget_type=\"image.default\">\n\t\t\t\t<div class=\"elementor-widget-container\">\n\t\t\t\t\t\t\t\t\t\t<figure class=\"wp-caption\">\n\t\t\t\t\t\t\t\t\t\t<img loading=\"lazy\" decoding=\"async\" width=\"683\" height=\"1024\" src=\"https:\/\/massy-verrieres.catho91.fr\/wp-content\/uploads\/2023\/01\/IMG_2218.jpg\" class=\"attachment-large size-large wp-image-5324\" alt=\"\" srcset=\"https:\/\/massy-verrieres.catho91.fr\/wp-content\/uploads\/2023\/01\/IMG_2218.jpg 683w, https:\/\/massy-verrieres.catho91.fr\/wp-content\/uploads\/2023\/01\/IMG_2218-200x300.jpg 200w\" sizes=\"(max-width: 683px) 100vw, 683px\" \/>\t\t\t\t\t\t\t\t\t\t\t<figcaption class=\"widget-image-caption wp-caption-text\">B\u00e9n\u00e9diction des cartables<\/figcaption>\n\t\t\t\t\t\t\t\t\t\t<\/figure>\n\t\t\t\t\t\t\t<\/div>\n\t\t\t\t<\/div>\n\t\t\t\t\t<\/div>\n\t\t<\/div>\n\t\t\t\t<div class=\"elementor-column elementor-col-25 elementor-top-column elementor-element elementor-element-a080e40\" data-id=\"a080e40\" data-element_type=\"column\">\n\t\t\t<div class=\"elementor-widget-wrap elementor-element-populated\">\n\t\t\t\t\t\t<div class=\"elementor-element elementor-element-6f86b12 elementor-widget elementor-widget-image\" data-id=\"6f86b12\" data-element_type=\"widget\" data-widget_type=\"image.default\">\n\t\t\t\t<div class=\"elementor-widget-container\">\n\t\t\t\t\t\t\t\t\t\t<figure class=\"wp-caption\">\n\t\t\t\t\t\t\t\t\t\t<img loading=\"lazy\" decoding=\"async\" width=\"683\" height=\"1024\" src=\"https:\/\/massy-verrieres.catho91.fr\/wp-content\/uploads\/2023\/01\/IMG_2131.jpg\" class=\"attachment-large size-large wp-image-5313\" alt=\"\" srcset=\"https:\/\/massy-verrieres.catho91.fr\/wp-content\/uploads\/2023\/01\/IMG_2131.jpg 683w, https:\/\/massy-verrieres.catho91.fr\/wp-content\/uploads\/2023\/01\/IMG_2131-200x300.jpg 200w\" sizes=\"(max-width: 683px) 100vw, 683px\" \/>\t\t\t\t\t\t\t\t\t\t\t<figcaption class=\"widget-image-caption wp-caption-text\">Un ciel (quasi) immacul\u00e9<\/figcaption>\n\t\t\t\t\t\t\t\t\t\t<\/figure>\n\t\t\t\t\t\t\t<\/div>\n\t\t\t\t<\/div>\n\t\t\t\t\t<\/div>\n\t\t<\/div>\n\t\t\t\t<div class=\"elementor-column elementor-col-25 elementor-top-column elementor-element elementor-element-28e29b1\" data-id=\"28e29b1\" data-element_type=\"column\">\n\t\t\t<div class=\"elementor-widget-wrap elementor-element-populated\">\n\t\t\t\t\t\t<div class=\"elementor-element elementor-element-44f88c6 elementor-widget elementor-widget-image\" data-id=\"44f88c6\" data-element_type=\"widget\" data-widget_type=\"image.default\">\n\t\t\t\t<div class=\"elementor-widget-container\">\n\t\t\t\t\t\t\t\t\t\t<figure class=\"wp-caption\">\n\t\t\t\t\t\t\t\t\t\t<img loading=\"lazy\" decoding=\"async\" width=\"683\" height=\"1024\" src=\"https:\/\/massy-verrieres.catho91.fr\/wp-content\/uploads\/2023\/01\/IMG_2134.jpg\" class=\"attachment-large size-large wp-image-5314\" alt=\"\" srcset=\"https:\/\/massy-verrieres.catho91.fr\/wp-content\/uploads\/2023\/01\/IMG_2134.jpg 683w, https:\/\/massy-verrieres.catho91.fr\/wp-content\/uploads\/2023\/01\/IMG_2134-200x300.jpg 200w\" sizes=\"(max-width: 683px) 100vw, 683px\" \/>\t\t\t\t\t\t\t\t\t\t\t<figcaption class=\"widget-image-caption wp-caption-text\">Hom\u00e9lie<\/figcaption>\n\t\t\t\t\t\t\t\t\t\t<\/figure>\n\t\t\t\t\t\t\t<\/div>\n\t\t\t\t<\/div>\n\t\t\t\t\t<\/div>\n\t\t<\/div>\n\t\t\t\t<div class=\"elementor-column elementor-col-25 elementor-top-column elementor-element elementor-element-e8d1733\" data-id=\"e8d1733\" data-element_type=\"column\">\n\t\t\t<div class=\"elementor-widget-wrap elementor-element-populated\">\n\t\t\t\t\t\t<div class=\"elementor-element elementor-element-caef4f4 elementor-widget elementor-widget-image\" data-id=\"caef4f4\" data-element_type=\"widget\" data-widget_type=\"image.default\">\n\t\t\t\t<div class=\"elementor-widget-container\">\n\t\t\t\t\t\t\t\t\t\t<figure class=\"wp-caption\">\n\t\t\t\t\t\t\t\t\t\t<img loading=\"lazy\" decoding=\"async\" width=\"683\" height=\"1024\" src=\"https:\/\/massy-verrieres.catho91.fr\/wp-content\/uploads\/2023\/01\/IMG_2137.jpg\" class=\"attachment-large size-large wp-image-5315\" alt=\"\" srcset=\"https:\/\/massy-verrieres.catho91.fr\/wp-content\/uploads\/2023\/01\/IMG_2137.jpg 683w, https:\/\/massy-verrieres.catho91.fr\/wp-content\/uploads\/2023\/01\/IMG_2137-200x300.jpg 200w\" sizes=\"(max-width: 683px) 100vw, 683px\" \/>\t\t\t\t\t\t\t\t\t\t\t<figcaption class=\"widget-image-caption wp-caption-text\">Musiciens<\/figcaption>\n\t\t\t\t\t\t\t\t\t\t<\/figure>\n\t\t\t\t\t\t\t<\/div>\n\t\t\t\t<\/div>\n\t\t\t\t\t<\/div>\n\t\t<\/div>\n\t\t\t\t\t<\/div>\n\t\t<\/section>\n\t\t\t\t<section class=\"elementor-section elementor-top-section elementor-element elementor-element-b2fbc3b elementor-section-boxed elementor-section-height-default elementor-section-height-default\" data-id=\"b2fbc3b\" data-element_type=\"section\">\n\t\t\t\t\t\t<div class=\"elementor-container elementor-column-gap-default\">\n\t\t\t\t\t<div class=\"elementor-column elementor-col-100 elementor-top-column elementor-element elementor-element-c7509a8\" data-id=\"c7509a8\" data-element_type=\"column\">\n\t\t\t<div class=\"elementor-widget-wrap elementor-element-populated\">\n\t\t\t\t\t\t<div class=\"elementor-element elementor-element-a744e23 elementor-widget elementor-widget-text-editor\" data-id=\"a744e23\" data-element_type=\"widget\" data-widget_type=\"text-editor.default\">\n\t\t\t\t<div class=\"elementor-widget-container\">\n\t\t\t\t\t\t\t<p><em>Cr\u00e9dit photo : Thomas Monin<\/em><\/p>\t\t\t\t\t\t<\/div>\n\t\t\t\t<\/div>\n\t\t\t\t\t<\/div>\n\t\t<\/div>\n\t\t\t\t\t<\/div>\n\t\t<\/section>\n\t\t\t\t<\/div>\n\t\t","protected":false},"excerpt":{"rendered":"<p>MESSE DE RENTR\u00c9E DU SECTEUR &#8211; Dimanche 11 septembre 2022 &#8211; Dimanche 11 septembre\u00a0a eu lieu la traditionnelle\u00a0messe de rentr\u00e9e\u00a0de notre secteur pastoral au\u00a0parc R\u00e9gnier\u00a0(Verri\u00e8res-le-Buisson). C\u2019\u00e9tait une formidable occasion pour les fid\u00e8les des quatre paroisses de se retrouver pour confier cette nouvelle ann\u00e9e au Seigneur ! Tous ont pu apporter leur contribution, selon leurs talents &hellip;<\/p>\n<p class=\"read-more\"> <a class=\"\" href=\"https:\/\/massy-verrieres.catho91.fr\/index.php\/reportage_3-2\/\"> <span class=\"screen-reader-text\">Reportage_3<\/span> Lire la suite \u00bb<\/a><\/p>\n","protected":false},"author":8,"featured_media":0,"parent":0,"menu_order":0,"comment_status":"closed","ping_status":"closed","template":"","meta":{"_mc_calendar":[],"footnotes":""},"_links":{"self":[{"href":"https:\/\/massy-verrieres.catho91.fr\/index.php\/wp-json\/wp\/v2\/pages\/5305"}],"collection":[{"href":"https:\/\/massy-verrieres.catho91.fr\/index.php\/wp-json\/wp\/v2\/pages"}],"about":[{"href":"https:\/\/massy-verrieres.catho91.fr\/index.php\/wp-json\/wp\/v2\/types\/page"}],"author":[{"embeddable":true,"href":"https:\/\/massy-verrieres.catho91.fr\/index.php\/wp-json\/wp\/v2\/users\/8"}],"replies":[{"embeddable":true,"href":"https:\/\/massy-verrieres.catho91.fr\/index.php\/wp-json\/wp\/v2\/comments?post=5305"}],"version-history":[{"count":6,"href":"https:\/\/massy-verrieres.catho91.fr\/index.php\/wp-json\/wp\/v2\/pages\/5305\/revisions"}],"predecessor-version":[{"id":5333,"href":"https:\/\/massy-verrieres.catho91.fr\/index.php\/wp-json\/wp\/v2\/pages\/5305\/revisions\/5333"}],"wp:attachment":[{"href":"https:\/\/massy-verrieres.catho91.fr\/index.php\/wp-json\/wp\/v2\/media?parent=5305"}],"curies":[{"name":"wp","href":"https:\/\/api.w.org\/{rel}","templated":true}]}}